{"id":10,"date":"2022-08-23T11:06:06","date_gmt":"2022-08-23T09:06:06","guid":{"rendered":"https:\/\/www.malmberg.se\/de-new\/?page_id=10"},"modified":"2022-11-28T08:23:04","modified_gmt":"2022-11-28T07:23:04","slug":"ueber-uns","status":"publish","type":"page","link":"https:\/\/www.malmberg.se\/de\/ueber-uns\/","title":{"rendered":"\u00dcber uns"},"content":{"rendered":"\n<div style=\"height:64px\" aria-hidden=\"true\" class=\"wp-block-spacer\"><\/div>\n\n\n\n<div class=\"wp-block-columns is-layout-flex wp-container-core-columns-is-layout-9d6595d7 wp-block-columns-is-layout-flex\">\n<div class=\"wp-block-column is-layout-flow wp-block-column-is-layout-flow\" style=\"flex-basis:40%\">\n<h2 class=\"super_large_heading_size wp-block-heading\">Join our aim for nothing<\/h2>\n<\/div>\n\n\n\n<div class=\"wp-block-column is-layout-flow wp-block-column-is-layout-flow\" style=\"flex-basis:60%\">\n<p>Malmberg ist ein schwedisches Cleantech-Unternehmen mit Komplettl\u00f6sungen in den Bereichen Wasseraufbereitung, Biogas, Geothermie und Bohren. Ein Familienunternehmen in f\u00fcnfter Generation mit \u00fcber 155 Jahren Erfahrung, das uns zu einem Marktf\u00fchrer in unseren Fachgebieten und mit einem starken Fokus auf Nachhaltigkeit und Umwelt gemacht hat.<\/p>\n\n\n\n<p class=\"regular letterspacing has-bla-color has-text-color\">Gemeinsam k\u00f6nnen wir, Mitarbeiter, Kunden und Partner \u2013 zur Generation Zero werden.<\/p>\n<\/div>\n<\/div>\n\n\n\n<section id=\"text-over-image-section-block_4c71a138383526777e60fcc849810b57\" class=\"text-over-image-section aligncenter max-width-extra-wide center-h borderside relative\" >\n    <div class=\"img_wrapper\">\n                   <img decoding=\"async\" src=\"https:\/\/www.malmberg.se\/de\/wp-content\/uploads\/sites\/2\/2022\/09\/hallbarhet_79-komp-crop-1024x768.jpg\" alt=\"\">\n           <\/div>\n    <div class=\"overlay darker_\"><\/div>\n    <div class=\"content_ center-text relative\">\n                    <h3 class=\"uppercase max-width10 center-h\">Seit \u00fcber 150 jahren arbeiten wir f\u00fcr eine saubere welt<\/h3>\n                            <div class=\"regular max-width8 center-h\">\n                <p style=\"font-weight: 400;\">Wir haben unseren Ehrgeiz gesteigert. Um die gr\u00f6\u00dfte Herausforderung unserer Generation zu meistern, m\u00fcssen wir uns niedrige Ziele setzen. Unser Ziel ist null Emissionen, null Schadstoffe und null Abfall.<\/p>\n            <\/div>\n            <\/div>\n<\/section><!-- .text-over-image-section -->\n\n\n<style type=\"text\/css\">\n     #text-over-image-section-block_4c71a138383526777e60fcc849810b57 {\n        min-height: none;\n        display: flex;\n        justify-content: center;\n        align-items: center;\n        overflow: hidden;\n    }\n    #text-over-image-section-block_4c71a138383526777e60fcc849810b57 .img_wrapper {\n        position: absolute;\n        height: 100%;\n        width: 100%;\n        overflow: hidden;\n    }\n    #text-over-image-section-block_4c71a138383526777e60fcc849810b57 .img_wrapper img {\n        width: 100%;\n        height: 100%;\n        object-fit: cover;\n        transform: scale(1.5);\n    }\n    #text-over-image-section-block_4c71a138383526777e60fcc849810b57 .img_wrapper img.reveal {\n        transform: scale(1);\n    }\n    #text-over-image-section-block_4c71a138383526777e60fcc849810b57.img_wrapper.reveal {\n        opacity: 1;\n        max-height: 100%;\n    }\n\n    #text-over-image-section-block_4c71a138383526777e60fcc849810b57 .content_ {\n        padding: 64px 16px;\n    }\n    #text-over-image-section-block_4c71a138383526777e60fcc849810b57 .content_ * {\n        color: #fff;\n    }\n    #text-over-image-section-block_4c71a138383526777e60fcc849810b57 .overlay {\n        \/\/opacity: 0;\n        \/\/transition-duration: 750ms;\n        \/\/transition-delay: 400ms;\n    }\n     #text-over-image-section-block_4c71a138383526777e60fcc849810b57.reveal {\n        min-height: 80vh;\n    }\n<\/style>\n\n\n<div style=\"height:48px\" aria-hidden=\"true\" class=\"wp-block-spacer\"><\/div>\n\n\n\n<h2 class=\"has-text-align-center wp-block-heading\">Lassen Sie uns gemeinsam die Generation Zero sein<\/h2>\n\n\n<section id=\"video-content-section-block_f6662ddbb4379366ffa0fd600a7ec057\" class=\"video-content-section alignwide max-width-wide center-h paddingside\">\n           <video controls>\n            <source src=\"https:\/\/www.malmberg.se\/de\/wp-content\/uploads\/sites\/2\/2022\/09\/video-komp-2.mp4\" type=\"video\/mp4\">\n            Your browser does not support the video tag.\n        <\/video>\n        <div class=\"content_ center-h center-text paddingall relative\">\n                    <p class=\"small_subheading\">Nachhaltigkeit<\/p>\n                       \n        <p style=\"font-weight: 400;\">Wir f\u00fchren Malmberg in der f\u00fcnften Generation. Indem wir das Erbe von J\u00f6ns Malmberg, unserem Ururgro\u00dfvater, weiterf\u00fchren, entwickeln wir nachhaltige L\u00f6sungen in den Bereichen Wasserreinigung, Bohrungen, Biogas und Geoenergie. Wir glauben, dass wir einen Unterschied machen. Und wir m\u00fcssen daf\u00fcr sorgen, dass dieser Unterschied z\u00e4hlt. Denn obwohl wir die f\u00fcnfte Generation sind, sind wir auch die erste Generation. Die Erste, die das Ausma\u00df des Klimawandels vollst\u00e4ndig versteht. Und die erste mit den Werkzeugen, um eine Zukunft ohne ihn aufzubauen. Deshalb muss unser Ziel Nichts sein. Null Emissionen. Null Verunreinigungen. Kein Abfall. Aber ohne dich ist Nichts unm\u00f6glich. Unsere Mitarbeiter, unsere Kunden.<\/p>\n                    <a class=\"read_more_btn\" href=\"https:\/\/www.malmberg.se\/de\/ueber-uns\/generation-zero\/\">Weiterlesen<\/a>\n            <\/div>\n<\/section>\n\n<style type=\"text\/css\">\n    #video-content-section-block_f6662ddbb4379366ffa0fd600a7ec057 .content_ {\n        margin-top: 32px;\n        margin-bottom: 32px;\n    }\n\n     \/* Tablet *\/\n    @media screen and (min-width: 30em) {\n        #video-content-section-block_f6662ddbb4379366ffa0fd600a7ec057 .content_ {\n            padding: 64px 64px;\n        }\n        #video-content-section-block_f6662ddbb4379366ffa0fd600a7ec057 .content_ p:not(.small_subheading) {\n            font-size: 24px;\n        }\n    }\n    \/* Desktop *\/\n    @media screen and (min-width: 64.5em) {\n        #video-content-section-block_f6662ddbb4379366ffa0fd600a7ec057 .content_ {\n            \/*padding: $contentsidepaddingx6 $contentsidepaddingx6;*\/\n            \/*margin-top: -$contentsidepaddingx6;*\/\n        }\n    }\n<\/style>\n\n\n<section id=\"history-section-block_8ae93940bc5b31b8a9e3a31b557f23eb\" class=\"history-section alignwide bg_a max-width-wide center-h borderside relative\" style=\"background-image: url(https:\/\/www.malmberg.se\/de\/wp-content\/themes\/malmberg\/images\/icons\/1866.svg)\">\n    <div class=\"logo_ paddingall bg_white box-shadow\">\n        <img decoding=\"async\" src=\"https:\/\/www.malmberg.se\/de\/wp-content\/themes\/malmberg\/images\/logo\/malmberg-m-logo.svg\" alt=\"Malmberg logo\">\n    <\/div>\n    <div class=\"wrapper color_white\">\n                    <div class=\"title_\">\n                                    <p class=\"small_subheading\">Seit 1866<\/p>\n                                                    <h2 class=\"extra_large_heading_size\">Unsere Geschichte<\/h2>\n                            <\/div>\n                <div class=\"content_\">\n                        <p style=\"font-weight: 400;\">Vor \u00fcber 150 Jahren wurde Malmberg gegr\u00fcndet. Seit dem 7. April 1866 sind neue und bessere Techniken angesagt. Von Bohrungen und Wasseraufbereitung bis hin zu Biogas und geothermischer Energie gab es viel Geschichte, Innovation und Lernen auf dem Weg.<\/p>\n<p style=\"font-weight: 400;\">All dies diente dazu, denen, die es brauchen, das Wesentliche an sauberem Wasser und Energie zu geben. Aber jetzt wissen wir, dass auch nachhaltige L\u00f6sungen notwendig sind.<\/p>\n<p style=\"font-weight: 400;\">Uns gibt es schon seit vielen Jahren, aber stellen Sie sich vor, was wir in den n\u00e4chsten 150 Jahren gemeinsam erreichen k\u00f6nnen.<\/p>\n                    <\/div>\n    <\/div>\n<\/section>\n\n\n<style type=\"text\/css\">\n    #history-section-block_8ae93940bc5b31b8a9e3a31b557f23eb {\n        background-position: bottom right;\n        background-size: 50%;\n        background-repeat: no-repeat;\n        display: flex;\n        justify-content: center;\n        align-items: center;\n        padding: 96px 32px;\n    }\n    #history-section-block_8ae93940bc5b31b8a9e3a31b557f23eb .logo_ {\n        position: absolute;\n        top: 0;\n        right: 0;\n    }\n    #history-section-block_8ae93940bc5b31b8a9e3a31b557f23eb .logo_ img {\n        display: block;\n        width: 50px;\n    }\n    #history-section-block_8ae93940bc5b31b8a9e3a31b557f23eb .extra_large_heading_size {\n        margin: 0;\n    }\n\n     \/* Desktop *\/\n    @media screen and (min-width: 60em) {\n        #history-section-block_8ae93940bc5b31b8a9e3a31b557f23eb {\n            padding: 128px 32px;\n        }\n        #history-section-block_8ae93940bc5b31b8a9e3a31b557f23eb {\n            background-size: 35%;\n        }\n        #history-section-block_8ae93940bc5b31b8a9e3a31b557f23eb .wrapper {\n            display: flex;\n        }\n        #history-section-block_8ae93940bc5b31b8a9e3a31b557f23eb .wrapper .title_ {\n            flex: 0 1 450px;\n            padding-right: 32px;\n        }\n        #history-section-block_8ae93940bc5b31b8a9e3a31b557f23eb .wrapper .content_ {\n            flex: 1;\n        }\n    }\n     \/* Large Desktop *\/\n    @media screen and (min-width: 75em) {\n        #history-section-block_8ae93940bc5b31b8a9e3a31b557f23eb {\n            \/\/padding: 96px 128px;\n            padding:  128px 128px 144px;\n        }\n    }\n<\/style>\n\n\n<div style=\"height:64px\" aria-hidden=\"true\" class=\"wp-block-spacer\"><\/div>\n\n\n\n<p class=\"has-text-align-center\" style=\"font-size:26px\"><strong>Die Vision von Malmberg ist es, das f\u00fchrende Umwelttechnologieunternehmen f\u00fcr saubere Energie und sauberes Wasser zu sein, um eine Kreislaufgesellschaft zu erm\u00f6glichen<\/strong><\/p>\n\n\n\n<div style=\"height:64px\" aria-hidden=\"true\" class=\"wp-block-spacer\"><\/div>\n\n\n\n<section id=\"downloads-section-block_e3219d7fe7827e088db9f3701cfdb3a3\" class=\"downloads-section aligncenter downlaods_section\">\n    <div class=\"max-width10 center-h bg_white paddingall\">\n        <div class=\"content\">\n            <h4 class=\"uppercase letterspacing\">Download<\/h4>\n                    <\/div>\n        \n        <div class=\"files_\">\n                                     <a href=\"https:\/\/www.malmberg.se\/de\/wp-content\/uploads\/sites\/2\/2022\/10\/Spirit-of-Malmberg_2015_German-web.pdf\" target=\"_blank\" class=\"bold uppercase letterspacingx2\">Firmenpr\u00e4sentation (EN)<img decoding=\"async\" class=\"toggle_\" src=\"https:\/\/www.malmberg.se\/de\/wp-content\/themes\/malmberg\/images\/icons\/download-icon.svg\" alt=\"Download icon\"><\/a>\n                            <\/div>\n    <\/div>\n<\/section><!-- .downloads_block -->\n\n\n<style type=\"text\/css\">\n    #downloads-section-block_e3219d7fe7827e088db9f3701cfdb3a3 .files_ a {\n        display: flex;\n        text-decoration: none;\n        justify-content: space-between;\n        align-items: center;\n        font-size: .8rem;\n        transition: all 300ms ease;\n    }\n    #downloads-section-block_e3219d7fe7827e088db9f3701cfdb3a3 .files_ a:hover {\n        color: #0056b8;\n    }\n    #downloads-section-block_e3219d7fe7827e088db9f3701cfdb3a3 .files_ a:hover img {\n        background-color: #f4b221;\n    }\n    #downloads-section-block_e3219d7fe7827e088db9f3701cfdb3a3 .files_ a:after {\n        content: \"\";\n        display: none;\n    }\n    #downloads-section-block_e3219d7fe7827e088db9f3701cfdb3a3 .files_ a:not(:last-child) {\n        margin-bottom: 20px;\n    }\n    #downloads-section-block_e3219d7fe7827e088db9f3701cfdb3a3 .files_ a img {\n        display: inline-block;\n        width: 38px;\n        height: 38px;\n        padding: 8px;\n        background-color: #F7F7F7;\n        transition: all 300ms ease;\n    }\n     \/* Tablet *\/\n    @media screen and (min-width: 30em) {\n\n    }\n     \/* Desktop *\/\n    @media screen and (min-width: 60em) {\n        #downloads-section-block_e3219d7fe7827e088db9f3701cfdb3a3 > div {\n            display: flex;\n            justify-content: space-evenly;\n            align-items: center;\n            \/\/padding: 48px 64px;\n        }\n        #downloads-section-block_e3219d7fe7827e088db9f3701cfdb3a3 > div div {\n            flex: 1;\n        }\n        #downloads-section-block_e3219d7fe7827e088db9f3701cfdb3a3 > div {\n            padding: 48px 64px;\n        }\n        #downloads-section-block_e3219d7fe7827e088db9f3701cfdb3a3 .content {\n            margin-right: 32px;\n            border-right: 2px solid #f4b221;\n        }\n        #downloads-section-block_e3219d7fe7827e088db9f3701cfdb3a3 .files_ {\n            margin-left: 32px;\n        }\n    }\n<\/style>","protected":false},"excerpt":{"rendered":"<p>Join our aim for nothing Malmberg ist ein schwedisches Cleantech-Unternehmen mit Komplettl\u00f6sungen in den Bereichen Wasseraufbereitung, Biogas, Geothermie und Bohren. Ein Familienunternehmen in f\u00fcnfter Generation mit \u00fcber 155 Jahren Erfahrung, das uns zu einem Marktf\u00fchrer in unseren Fachgebieten und mit einem starken Fokus auf Nachhaltigkeit und Umwelt gemacht hat. Gemeinsam k\u00f6nnen wir, Mitarbeiter, Kunden und [&hellip;]<\/p>\n","protected":false},"author":1,"featured_media":1147,"parent":0,"menu_order":20,"comment_status":"closed","ping_status":"closed","template":"page-about.php","meta":{"_acf_changed":false,"footnotes":""},"class_list":["post-10","page","type-page","status-publish","has-post-thumbnail","hentry"],"acf":[],"yoast_head":"<!-- This site is optimized with the Yoast SEO plugin v27.3 - https:\/\/yoast.com\/product\/yoast-seo-wordpress\/ -->\n<title>\u00dcber uns - Malmberg DE<\/title>\n<meta name=\"robots\" content=\"index, follow, max-snippet:-1, max-image-preview:large, max-video-preview:-1\" \/>\n<link rel=\"canonical\" href=\"https:\/\/www.malmberg.se\/de\/ueber-uns\/\" \/>\n<meta property=\"og:locale\" content=\"de_DE\" \/>\n<meta property=\"og:type\" content=\"article\" \/>\n<meta property=\"og:title\" content=\"\u00dcber uns - Malmberg DE\" \/>\n<meta property=\"og:description\" content=\"Join our aim for nothing Malmberg ist ein schwedisches Cleantech-Unternehmen mit Komplettl\u00f6sungen in den Bereichen Wasseraufbereitung, Biogas, Geothermie und Bohren. Ein Familienunternehmen in f\u00fcnfter Generation mit \u00fcber 155 Jahren Erfahrung, das uns zu einem Marktf\u00fchrer in unseren Fachgebieten und mit einem starken Fokus auf Nachhaltigkeit und Umwelt gemacht hat. Gemeinsam k\u00f6nnen wir, Mitarbeiter, Kunden und [&hellip;]\" \/>\n<meta property=\"og:url\" content=\"https:\/\/www.malmberg.se\/de\/ueber-uns\/\" \/>\n<meta property=\"og:site_name\" content=\"Malmberg DE\" \/>\n<meta property=\"article:modified_time\" content=\"2022-11-28T07:23:04+00:00\" \/>\n<meta property=\"og:image\" content=\"https:\/\/www.malmberg.se\/de\/wp-content\/uploads\/sites\/2\/2022\/09\/om-oss-utvlad.jpg\" \/>\n\t<meta property=\"og:image:width\" content=\"1920\" \/>\n\t<meta property=\"og:image:height\" content=\"1280\" \/>\n\t<meta property=\"og:image:type\" content=\"image\/jpeg\" \/>\n<meta name=\"twitter:card\" content=\"summary_large_image\" \/>\n<script type=\"application\/ld+json\" class=\"yoast-schema-graph\">{\"@context\":\"https:\\\/\\\/schema.org\",\"@graph\":[{\"@type\":\"WebPage\",\"@id\":\"https:\\\/\\\/www.malmberg.se\\\/de\\\/ueber-uns\\\/\",\"url\":\"https:\\\/\\\/www.malmberg.se\\\/de\\\/ueber-uns\\\/\",\"name\":\"\u00dcber uns - Malmberg DE\",\"isPartOf\":{\"@id\":\"https:\\\/\\\/www.malmberg.se\\\/de\\\/#website\"},\"primaryImageOfPage\":{\"@id\":\"https:\\\/\\\/www.malmberg.se\\\/de\\\/ueber-uns\\\/#primaryimage\"},\"image\":{\"@id\":\"https:\\\/\\\/www.malmberg.se\\\/de\\\/ueber-uns\\\/#primaryimage\"},\"thumbnailUrl\":\"https:\\\/\\\/www.malmberg.se\\\/de\\\/wp-content\\\/uploads\\\/sites\\\/2\\\/2022\\\/09\\\/om-oss-utvlad.jpg\",\"datePublished\":\"2022-08-23T09:06:06+00:00\",\"dateModified\":\"2022-11-28T07:23:04+00:00\",\"breadcrumb\":{\"@id\":\"https:\\\/\\\/www.malmberg.se\\\/de\\\/ueber-uns\\\/#breadcrumb\"},\"inLanguage\":\"de\",\"potentialAction\":[{\"@type\":\"ReadAction\",\"target\":[\"https:\\\/\\\/www.malmberg.se\\\/de\\\/ueber-uns\\\/\"]}]},{\"@type\":\"ImageObject\",\"inLanguage\":\"de\",\"@id\":\"https:\\\/\\\/www.malmberg.se\\\/de\\\/ueber-uns\\\/#primaryimage\",\"url\":\"https:\\\/\\\/www.malmberg.se\\\/de\\\/wp-content\\\/uploads\\\/sites\\\/2\\\/2022\\\/09\\\/om-oss-utvlad.jpg\",\"contentUrl\":\"https:\\\/\\\/www.malmberg.se\\\/de\\\/wp-content\\\/uploads\\\/sites\\\/2\\\/2022\\\/09\\\/om-oss-utvlad.jpg\",\"width\":1920,\"height\":1280},{\"@type\":\"BreadcrumbList\",\"@id\":\"https:\\\/\\\/www.malmberg.se\\\/de\\\/ueber-uns\\\/#breadcrumb\",\"itemListElement\":[{\"@type\":\"ListItem\",\"position\":1,\"name\":\"Hem\",\"item\":\"https:\\\/\\\/www.malmberg.se\\\/de\\\/\"},{\"@type\":\"ListItem\",\"position\":2,\"name\":\"\u00dcber uns\"}]},{\"@type\":\"WebSite\",\"@id\":\"https:\\\/\\\/www.malmberg.se\\\/de\\\/#website\",\"url\":\"https:\\\/\\\/www.malmberg.se\\\/de\\\/\",\"name\":\"Malmberg DE\",\"description\":\"\",\"potentialAction\":[{\"@type\":\"SearchAction\",\"target\":{\"@type\":\"EntryPoint\",\"urlTemplate\":\"https:\\\/\\\/www.malmberg.se\\\/de\\\/?s={search_term_string}\"},\"query-input\":{\"@type\":\"PropertyValueSpecification\",\"valueRequired\":true,\"valueName\":\"search_term_string\"}}],\"inLanguage\":\"de\"}]}<\/script>\n<!-- \/ Yoast SEO plugin. -->","yoast_head_json":{"title":"\u00dcber uns - Malmberg DE","robots":{"index":"index","follow":"follow","max-snippet":"max-snippet:-1","max-image-preview":"max-image-preview:large","max-video-preview":"max-video-preview:-1"},"canonical":"https:\/\/www.malmberg.se\/de\/ueber-uns\/","og_locale":"de_DE","og_type":"article","og_title":"\u00dcber uns - Malmberg DE","og_description":"Join our aim for nothing Malmberg ist ein schwedisches Cleantech-Unternehmen mit Komplettl\u00f6sungen in den Bereichen Wasseraufbereitung, Biogas, Geothermie und Bohren. Ein Familienunternehmen in f\u00fcnfter Generation mit \u00fcber 155 Jahren Erfahrung, das uns zu einem Marktf\u00fchrer in unseren Fachgebieten und mit einem starken Fokus auf Nachhaltigkeit und Umwelt gemacht hat. Gemeinsam k\u00f6nnen wir, Mitarbeiter, Kunden und [&hellip;]","og_url":"https:\/\/www.malmberg.se\/de\/ueber-uns\/","og_site_name":"Malmberg DE","article_modified_time":"2022-11-28T07:23:04+00:00","og_image":[{"width":1920,"height":1280,"url":"https:\/\/www.malmberg.se\/de\/wp-content\/uploads\/sites\/2\/2022\/09\/om-oss-utvlad.jpg","type":"image\/jpeg"}],"twitter_card":"summary_large_image","schema":{"@context":"https:\/\/schema.org","@graph":[{"@type":"WebPage","@id":"https:\/\/www.malmberg.se\/de\/ueber-uns\/","url":"https:\/\/www.malmberg.se\/de\/ueber-uns\/","name":"\u00dcber uns - Malmberg DE","isPartOf":{"@id":"https:\/\/www.malmberg.se\/de\/#website"},"primaryImageOfPage":{"@id":"https:\/\/www.malmberg.se\/de\/ueber-uns\/#primaryimage"},"image":{"@id":"https:\/\/www.malmberg.se\/de\/ueber-uns\/#primaryimage"},"thumbnailUrl":"https:\/\/www.malmberg.se\/de\/wp-content\/uploads\/sites\/2\/2022\/09\/om-oss-utvlad.jpg","datePublished":"2022-08-23T09:06:06+00:00","dateModified":"2022-11-28T07:23:04+00:00","breadcrumb":{"@id":"https:\/\/www.malmberg.se\/de\/ueber-uns\/#breadcrumb"},"inLanguage":"de","potentialAction":[{"@type":"ReadAction","target":["https:\/\/www.malmberg.se\/de\/ueber-uns\/"]}]},{"@type":"ImageObject","inLanguage":"de","@id":"https:\/\/www.malmberg.se\/de\/ueber-uns\/#primaryimage","url":"https:\/\/www.malmberg.se\/de\/wp-content\/uploads\/sites\/2\/2022\/09\/om-oss-utvlad.jpg","contentUrl":"https:\/\/www.malmberg.se\/de\/wp-content\/uploads\/sites\/2\/2022\/09\/om-oss-utvlad.jpg","width":1920,"height":1280},{"@type":"BreadcrumbList","@id":"https:\/\/www.malmberg.se\/de\/ueber-uns\/#breadcrumb","itemListElement":[{"@type":"ListItem","position":1,"name":"Hem","item":"https:\/\/www.malmberg.se\/de\/"},{"@type":"ListItem","position":2,"name":"\u00dcber uns"}]},{"@type":"WebSite","@id":"https:\/\/www.malmberg.se\/de\/#website","url":"https:\/\/www.malmberg.se\/de\/","name":"Malmberg DE","description":"","potentialAction":[{"@type":"SearchAction","target":{"@type":"EntryPoint","urlTemplate":"https:\/\/www.malmberg.se\/de\/?s={search_term_string}"},"query-input":{"@type":"PropertyValueSpecification","valueRequired":true,"valueName":"search_term_string"}}],"inLanguage":"de"}]}},"_links":{"self":[{"href":"https:\/\/www.malmberg.se\/de\/wp-json\/wp\/v2\/pages\/10","targetHints":{"allow":["GET"]}}],"collection":[{"href":"https:\/\/www.malmberg.se\/de\/wp-json\/wp\/v2\/pages"}],"about":[{"href":"https:\/\/www.malmberg.se\/de\/wp-json\/wp\/v2\/types\/page"}],"author":[{"embeddable":true,"href":"https:\/\/www.malmberg.se\/de\/wp-json\/wp\/v2\/users\/1"}],"replies":[{"embeddable":true,"href":"https:\/\/www.malmberg.se\/de\/wp-json\/wp\/v2\/comments?post=10"}],"version-history":[{"count":56,"href":"https:\/\/www.malmberg.se\/de\/wp-json\/wp\/v2\/pages\/10\/revisions"}],"predecessor-version":[{"id":1444,"href":"https:\/\/www.malmberg.se\/de\/wp-json\/wp\/v2\/pages\/10\/revisions\/1444"}],"wp:featuredmedia":[{"embeddable":true,"href":"https:\/\/www.malmberg.se\/de\/wp-json\/wp\/v2\/media\/1147"}],"wp:attachment":[{"href":"https:\/\/www.malmberg.se\/de\/wp-json\/wp\/v2\/media?parent=10"}],"curies":[{"name":"wp","href":"https:\/\/api.w.org\/{rel}","templated":true}]}}